{"version":"1.0","provider_name":"TAMPEREEN FILHARMONINEN KUORO","provider_url":"https:\/\/tfk.fi\/wp1","author_name":"by admin","author_url":"https:\/\/tfk.fi\/wp1\/author\/admin\/","title":"Upea itsen\u00e4isyysp\u00e4iv\u00e4n konsertti ja hiljentyminen joulun odotukseen - TAMPEREEN FILHARMONINEN KUORO","type":"rich","width":600,"height":338,"html":"<blockquote class=\"wp-embedded-content\" data-secret=\"4f9kZsKPQH\"><a href=\"https:\/\/tfk.fi\/wp1\/upea-itsenaisyyspaivan-konsertti-ja-hiljentyminen-joulun-odotukseen\/\">Upea itsen\u00e4isyysp\u00e4iv\u00e4n konsertti ja hiljentyminen joulun odotukseen<\/a><\/blockquote><iframe sandbox=\"allow-scripts\" security=\"restricted\" src=\"https:\/\/tfk.fi\/wp1\/upea-itsenaisyyspaivan-konsertti-ja-hiljentyminen-joulun-odotukseen\/embed\/#?secret=4f9kZsKPQH\" width=\"600\" height=\"338\" title=\"&#8221;Upea itsen\u00e4isyysp\u00e4iv\u00e4n konsertti ja hiljentyminen joulun odotukseen&#8221; &#8212; TAMPEREEN FILHARMONINEN KUORO\" data-secret=\"4f9kZsKPQH\" frameborder=\"0\" marginwidth=\"0\" marginheight=\"0\" scrolling=\"no\" class=\"wp-embedded-content\"><\/iframe><script type=\"text\/javascript\">\n\/* <![CDATA[ *\/\n\/*! This file is auto-generated *\/\n!function(d,l){\"use strict\";l.querySelector&&d.addEventListener&&\"undefined\"!=typeof URL&&(d.wp=d.wp||{},d.wp.receiveEmbedMessage||(d.wp.receiveEmbedMessage=function(e){var t=e.data;if((t||t.secret||t.message||t.value)&&!\/[^a-zA-Z0-9]\/.test(t.secret)){for(var s,r,n,a=l.querySelectorAll('iframe[data-secret=\"'+t.secret+'\"]'),o=l.querySelectorAll('blockquote[data-secret=\"'+t.secret+'\"]'),c=new RegExp(\"^https?:$\",\"i\"),i=0;i<o.length;i++)o[i].style.display=\"none\";for(i=0;i<a.length;i++)s=a[i],e.source===s.contentWindow&&(s.removeAttribute(\"style\"),\"height\"===t.message?(1e3<(r=parseInt(t.value,10))?r=1e3:~~r<200&&(r=200),s.height=r):\"link\"===t.message&&(r=new URL(s.getAttribute(\"src\")),n=new URL(t.value),c.test(n.protocol))&&n.host===r.host&&l.activeElement===s&&(d.top.location.href=t.value))}},d.addEventListener(\"message\",d.wp.receiveEmbedMessage,!1),l.addEventListener(\"DOMContentLoaded\",function(){for(var e,t,s=l.querySelectorAll(\"iframe.wp-embedded-content\"),r=0;r<s.length;r++)(t=(e=s[r]).getAttribute(\"data-secret\"))||(t=Math.random().toString(36).substring(2,12),e.src+=\"#?secret=\"+t,e.setAttribute(\"data-secret\",t)),e.contentWindow.postMessage({message:\"ready\",secret:t},\"*\")},!1)))}(window,document);\n\/\/# sourceURL=https:\/\/tfk.fi\/wp1\/wp-includes\/js\/wp-embed.min.js\n\/* ]]> *\/\n<\/script>\n","description":"Tampereen Filharmonisella Kuorolla oli kunnia esiinty\u00e4 Tampere Filharmonian kanssa yhteisess\u00e4 itsen\u00e4isyysp\u00e4iv\u00e4n juhlakonsertissa. Konsertti oli monella tapaa el\u00e4mys - pitk\u00e4\u00e4n ja pieteetill\u00e4 harjoiteltu Sibeliuksen Oma maa tuli tulkituksi tunteella ja vapautuneesti. Yleis\u00f6 rakasti, mutta my\u00f6s Aamulehden arvostelussa Harri Hautala lausui my\u00f6nteisi\u00e4 sanoja ohjelmiston kokoamisesta ja Ruut Kiisken taidokkaasta johtamisesta. \"Tampereen Filharmoinnen Kuoro loisti Tampere Filharmonian itsen\u00e4isyysp\u00e4iv\u00e4n ...jatka lukemista \"\""}